{"id":29,"date":"2018-06-29T07:21:18","date_gmt":"2018-06-29T07:21:18","guid":{"rendered":"https:\/\/asnyk.edu.pl\/?page_id=29"},"modified":"2025-12-02T13:21:18","modified_gmt":"2025-12-02T13:21:18","slug":"dokumentacja","status":"publish","type":"page","link":"https:\/\/asnyk.edu.pl\/?page_id=29","title":{"rendered":"Dokumenty"},"content":{"rendered":"<p>STATUT <a href=\"https:\/\/asnyk.edu.pl\/wp-content\/uploads\/2025\/09\/STATUT.pdf\">&lt;&lt;pobierz&lt;&lt;<\/a><\/p>\n<p>KONCEPCJA PRACY <a href=\"https:\/\/asnyk.edu.pl\/wp-content\/uploads\/2025\/10\/koncepcja_pracy.pdf\">&lt;&lt;pobierz&gt;<\/a><\/p>\n<p>KALENDARZ SZKOLNY <a href=\"https:\/\/asnyk.edu.pl\/wp-content\/uploads\/2025\/10\/kalendarz.pdf\">&lt;&lt;pobierz&gt;&gt;<\/a><\/p>\n<p>WYKAZ PROGRAM\u00d3W OBOWI\u0104ZUJ\u0104CYCH W LICEUM.<a href=\"https:\/\/asnyk.edu.pl\/wp-content\/uploads\/2025\/09\/Programy.pdf\"> &lt;&lt;pobierz&gt;&gt;<\/a><\/p>\n<p>STANDARDY OCHRONY MA\u0141OLETNICH W II LICEUM OG\u00d3LNOKSZTA\u0141C\u0104CYM IM. A. ASNYKA W BIELSKU \u2013 BIA\u0141EJ <a href=\"https:\/\/asnyk.edu.pl\/wp-content\/uploads\/2024\/02\/standardy.pdf\">&gt;&gt;pobierz&gt;&gt;<\/a><\/p>\n<p>FORMY PRZEMOCY R\u00d3WIE\u015aNICZEJ I ADEKWATNE AKTY PRAWNE<a href=\"https:\/\/asnyk.edu.pl\/wp-content\/uploads\/2024\/02\/formy_przemocy.pdf\"> &gt;&gt;pobierz&gt;&gt;<\/a><\/p>\n<p>INFORMACJA DOTYCZ\u0104CA RZ\u0104DOWEGO PROGRAMU POMOCY UCZNIOM NIEPE\u0141NOSPRAWNYM W FORMIE DOFINANSOWANIA ZAKUPU PODR\u0118CZNIK\u00d3W, MATERIA\u0141\u00d3W EDUKACYJNYCH I MATERIA\u0141\u00d3W \u0106WICZENIOWYCH W LATACH 2024-2025 <a href=\"https:\/\/asnyk.edu.pl\/wp-content\/uploads\/2023\/08\/wyprawka-2023.pdf\">&gt;&gt; pobierz &gt;&gt;<\/a><\/p>\n\n\n<p>REGULAMIN FUNKCJONOWANIA MONITORINGU WIZYJNEGO W BUDYNKU II LICEUM OG\u00d3LNOKSZTA\u0141C\u0104CEGO  IM. A. ASNYKA w BIELSKU &#8211; BIA\u0141EJ ORAZ NA TERENIE WOK\u00d3\u0141 SZKO\u0141Y <a href=\"http:\/\/asnyk.edu.pl\/wp-content\/uploads\/2019\/09\/regulamin.pdf\"> &gt;&gt;pobierz&gt;&gt;<\/a><\/p>\n\n\n\n<p>PROGRAM WYCHOWAWCZO &#8211; PROFILAKTYCZNY <br>II LICEUM OG\u00d3LNOKSZTA\u0141C\u0104CEGO IM. ADAMA ASNYKA W BIELSKU \u2013 BIA\u0141EJ<br>NA ROK SZKOLNY 2025\/26<a href=\"https:\/\/asnyk.edu.pl\/wp-content\/uploads\/2025\/12\/program.html\">>>pobierz>><\/a><\/p>\n\n\n\n<p>PROGRAM DORADZTWA ZAWODOWEGO W RAMACH WEWN\u0104TRZSZKOLNEGO SYSTEMU DORADZTWA ZAWODOWEGO <br>W II LICEUM OG\u00d3LNOKSZTA\u0141\u0104CYM  IM. ADAMA ASNYKA W BIELSKU- BIA\u0141EJ<br><a href=\"https:\/\/asnyk.edu.pl\/wp-content\/uploads\/2023\/09\/PROGRAM-DORADZTWA-ZAWODOWEGO-2023-20241.pdf\">&gt;&gt;pobierz&gt;&gt;<\/a><\/p>\n\n\n\n<p><\/p>\n\n\n\n<p><strong>Dokumenty do pobrania:<\/strong><\/p>\n\n\n\n<p><strong>REZYGNACJA&nbsp; UCZNIA Z LEKCJI &nbsp;RELIGII<\/strong> <a href=\"http:\/\/asnyk.edu.pl\/wp-content\/uploads\/2021\/08\/zwolnienie_z_rel.pdf\">&lt;&lt;pobierz&gt;&gt;<\/a><\/p>\n\n\n\n<p><strong>PODANIE O ZWOLNIENIE Z&nbsp; ZAJ\u0118\u0106&nbsp; WYCHOWANIA FIZYCZNEGO<\/strong> <a href=\"http:\/\/asnyk.edu.pl\/wp-content\/uploads\/2021\/08\/zwolnienie_z_wf.pdf\">&lt;&lt;pobierz&gt;<\/a><\/p>\n\n\n\n<p><strong>PODANIE O WYSTAWIENIE DUPLIKATU LEGITYMACJI<\/strong> <a href=\"https:\/\/asnyk.edu.pl\/wp-content\/uploads\/2025\/09\/podanie-o-dupl.leg_.pdf\">&lt;&lt;pobierz&gt;&gt;<\/a><\/p>\n\n\n\n<p><strong>PODANIE O WYSTAWIENIE DUPLIKATU \u015aWIADECTWA<\/strong> <a href=\"https:\/\/asnyk.edu.pl\/wp-content\/uploads\/2025\/01\/Podanie-o-wystawienie-duplikatu-swiadectwa.pdf\">&lt;&lt;pobierz&gt;&gt;<\/a><\/p>\n\n\n\n<p><strong>REZYGNACJA&nbsp; UCZNIA Z PRZEDMIOTU:<\/strong> <strong>EDUKACJA ZDROWOTNA<\/strong><a href=\"https:\/\/asnyk.edu.pl\/wp-content\/uploads\/2025\/08\/edukacja.pdf\"> &lt;&lt;pobierz&gt;&gt;<\/a><\/p>\n\n\n\n<p>Nr konta CUW<\/p>\n<p>97 1020 2313 0000 3502 1092 1361 PKO BP<\/p>\n<p>tytu\u0142 wp\u0142aty:<\/p>\n<ul>\n<li>za duplikat \u015bwiadectwa 26 z\u0142.<\/li>\n<li>za duplikat legitymacji 9 z\u0142<\/li>\n<\/ul>\n","protected":false},"excerpt":{"rendered":"<p>STATUT &lt;&lt;pobierz&lt;&lt; KONCEPCJA PRACY &lt;&lt;pobierz&gt; KALENDARZ SZKOLNY &lt;&lt;pobierz&gt;&gt; WYKAZ PROGRAM\u00d3W OBOWI\u0104ZUJ\u0104CYCH W LICEUM. &lt;&lt;pobierz&gt;&gt; STANDARDY OCHRONY MA\u0141OLETNICH W II LICEUM OG\u00d3LNOKSZTA\u0141C\u0104CYM IM. A. ASNYKA W BIELSKU \u2013 BIA\u0141EJ &gt;&gt;pobierz&gt;&gt; FORMY PRZEMOCY R\u00d3WIE\u015aNICZEJ I ADEKWATNE AKTY PRAWNE &gt;&gt;pobierz&gt;&gt; INFORMACJA DOTYCZ\u0104CA RZ\u0104DOWEGO &hellip; <a href=\"https:\/\/asnyk.edu.pl\/?page_id=29\">Czytaj dalej <span class=\"meta-nav\">&rarr;<\/span><\/a><\/p>\n","protected":false},"author":1,"featured_media":0,"parent":0,"menu_order":0,"comment_status":"closed","ping_status":"closed","template":"","meta":{"footnotes":"","_links_to":"","_links_to_target":""},"class_list":["post-29","page","type-page","status-publish","hentry"],"_links":{"self":[{"href":"https:\/\/asnyk.edu.pl\/index.php?rest_route=\/wp\/v2\/pages\/29","targetHints":{"allow":["GET"]}}],"collection":[{"href":"https:\/\/asnyk.edu.pl\/index.php?rest_route=\/wp\/v2\/pages"}],"about":[{"href":"https:\/\/asnyk.edu.pl\/index.php?rest_route=\/wp\/v2\/types\/page"}],"author":[{"embeddable":true,"href":"https:\/\/asnyk.edu.pl\/index.php?rest_route=\/wp\/v2\/users\/1"}],"replies":[{"embeddable":true,"href":"https:\/\/asnyk.edu.pl\/index.php?rest_route=%2Fwp%2Fv2%2Fcomments&post=29"}],"version-history":[{"count":73,"href":"https:\/\/asnyk.edu.pl\/index.php?rest_route=\/wp\/v2\/pages\/29\/revisions"}],"predecessor-version":[{"id":17257,"href":"https:\/\/asnyk.edu.pl\/index.php?rest_route=\/wp\/v2\/pages\/29\/revisions\/17257"}],"wp:attachment":[{"href":"https:\/\/asnyk.edu.pl\/index.php?rest_route=%2Fwp%2Fv2%2Fmedia&parent=29"}],"curies":[{"name":"wp","href":"https:\/\/api.w.org\/{rel}","templated":true}]}}